{"id":550,"date":"2021-05-27T12:56:55","date_gmt":"2021-05-27T12:56:55","guid":{"rendered":"https:\/\/iviaggidisirte.it\/?page_id=550"},"modified":"2021-05-27T13:00:09","modified_gmt":"2021-05-27T13:00:09","slug":"territorio","status":"publish","type":"page","link":"https:\/\/iviaggidisirte.it\/?page_id=550","title":{"rendered":"Territorio"},"content":{"rendered":"<p>[et_pb_section fb_built=&#8221;1&#8243; bg_img_2=&#8221;https:\/\/iviaggidisirte.it\/wp-content\/uploads\/2021\/04\/resort-02.jpg&#8221; use_background_color_gradient_2=&#8221;off&#8221; background_color_gradient_start_2=&#8221;rgba(255,255,255,0.65)&#8221; background_color_gradient_end_2=&#8221;rgba(255,255,255,0)&#8221; background_color_gradient_direction_2=&#8221;105deg&#8221; background_color_gradient_start_position_2=&#8221;0%&#8221; background_color_gradient_end_position_2=&#8221;76%&#8221; background_color_gradient_overlays_image_2=&#8221;on&#8221; admin_label=&#8221;Header&#8221; _builder_version=&#8221;4.9.4&#8243; use_background_color_gradient=&#8221;on&#8221; background_color_gradient_start=&#8221;rgba(255,255,255,0)&#8221; background_color_gradient_end=&#8221;rgba(0,1,2,0.47)&#8221; background_color_gradient_end_position=&#8221;50%&#8221; background_color_gradient_overlays_image=&#8221;on&#8221; background_image=&#8221;https:\/\/iviaggidisirte.it\/wp-content\/uploads\/2021\/05\/intro-territorio.jpg&#8221; custom_padding=&#8221;20vw|0px|0|0px|false|false&#8221;][et_pb_row custom_padding_last_edited=&#8221;on|desktop&#8221; _builder_version=&#8221;3.25&#8243; background_color=&#8221;#ffffff&#8221; max_width=&#8221;1160px&#8221; custom_padding=&#8221;|40px||40px||true&#8221; custom_padding_tablet=&#8221;|20px||20px||true&#8221; custom_padding_phone=&#8221;&#8221; use_custom_width=&#8221;on&#8221; custom_width_px=&#8221;1160px&#8221;][et_pb_column type=&#8221;4_4&#8243; _builder_version=&#8221;3.25&#8243; custom_padding=&#8221;|||&#8221; custom_padding__hover=&#8221;|||&#8221;][et_pb_text _builder_version=&#8221;4.9.4&#8243; text_font=&#8221;Open Sans||||||||&#8221; text_line_height=&#8221;2em&#8221; header_font=&#8221;|||on|||||&#8221; header_text_color=&#8221;#000000&#8243; header_font_size=&#8221;6vw&#8221; header_line_height=&#8221;1.3em&#8221; header_2_font=&#8221;|700||on|||||&#8221; header_2_font_size=&#8221;16px&#8221; header_2_letter_spacing=&#8221;6px&#8221; header_2_line_height=&#8221;2em&#8221; header_3_font=&#8221;||||||||&#8221; custom_margin_tablet=&#8221;0vw||20px&#8221; header_font_size_tablet=&#8221;10vw&#8221; header_font_size_phone=&#8221;&#8221; header_font_size_last_edited=&#8221;on|phone&#8221; header_2_font_size_tablet=&#8221;&#8221; header_2_font_size_phone=&#8221;12px&#8221; header_2_font_size_last_edited=&#8221;on|phone&#8221; header_text_shadow_style=&#8221;preset3&#8243; header_text_shadow_vertical_length=&#8221;0.03em&#8221; header_text_shadow_color=&#8221;#ffffff&#8221; locked=&#8221;off&#8221; header_3_font_size__hover=&#8221;22px&#8221; header_3_font_size__hover_enabled=&#8221;22px&#8221; header_3_letter_spacing__hover=&#8221;0px&#8221; header_3_letter_spacing__hover_enabled=&#8221;0px&#8221; header_3_line_height__hover=&#8221;1em&#8221; header_3_line_height__hover_enabled=&#8221;1em&#8221; header_3_text_shadow_style__hover=&#8221;none&#8221; header_3_text_shadow_style__hover_enabled=&#8221;none&#8221; header_3_text_shadow_color__hover=&#8221;rgba(0,0,0,0.4)&#8221; header_3_text_shadow_color__hover_enabled=&#8221;rgba(0,0,0,0.4)&#8221;]<\/p>\n<h2>Sulcis Iglesiente<\/h2>\n<h1>Territorio<\/h1>\n<p>Il Sulcis Iglesiente \u00e8 un\u2019area geografica situata nella parte Sud Occidentale della Sardegna, meta ancora sconosciuta ai pi\u00f9, regala ai suoi visitatori scenari insoliti e paesaggi mozzafiato. Intreccio di tradizioni, archeologia e ricchezza paesaggistica, cattura immediatamente lo sguardo del visitatore suscitando meraviglia e stupore. Rigogliose colline di macchia mediterranea che profumano di ginestre, mirto, lentischio ed erbe aromatiche degradano verso il mare cristallino, in un abbraccio avvolgente che sfuma all\u2019orizzonte.<\/p>\n<p>[\/et_pb_text][\/et_pb_column][\/et_pb_row][\/et_pb_section][et_pb_section fb_built=&#8221;1&#8243; admin_label=&#8221;Gallery&#8221; _builder_version=&#8221;4.9.4&#8243; background_color=&#8221;rgba(0,0,0,0)&#8221; custom_margin=&#8221;||0px||false|false&#8221; custom_padding=&#8221;50px|0px|0px|0px|false|false&#8221;][et_pb_row column_structure=&#8221;1_2,1_2&#8243; _builder_version=&#8221;3.25&#8243; custom_padding=&#8221;0|0px|27px|0px|false|false&#8221;][et_pb_column type=&#8221;1_2&#8243; _builder_version=&#8221;3.25&#8243; custom_padding=&#8221;|||&#8221; custom_padding__hover=&#8221;|||&#8221;][et_pb_image src=&#8221;https:\/\/iviaggidisirte.it\/wp-content\/uploads\/2021\/05\/Il-mare.jpg&#8221; title_text=&#8221;Il mare&#8221; align_tablet=&#8221;center&#8221; align_phone=&#8221;&#8221; align_last_edited=&#8221;on|desktop&#8221; _builder_version=&#8221;4.9.4&#8243;][\/et_pb_image][et_pb_text _builder_version=&#8221;4.9.4&#8243; text_font=&#8221;Open Sans||||||||&#8221; text_line_height=&#8221;2em&#8221; header_font=&#8221;||||||||&#8221; header_2_font=&#8221;Gilda Display||||||||&#8221; header_2_font_size=&#8221;60px&#8221; header_2_line_height=&#8221;1.2em&#8221; max_width=&#8221;550px&#8221; header_2_font_size_tablet=&#8221;40px&#8221; header_2_font_size_phone=&#8221;30px&#8221; header_2_font_size_last_edited=&#8221;on|phone&#8221; locked=&#8221;off&#8221;]<\/p>\n<p>La conformazione della costa \u00e8 estremamente diversificata, lunghissime spiagge di sabbia bianchissima e dune mozzafiato si alternano a calette suggestive e scogliere dalle forme pi\u00f9 disparate forgiate dai venti di scirocco e maestrale, il tutto accompagnato da un mare limpidissimo dal colore azzurro e turchese.<\/p>\n<p>[\/et_pb_text][\/et_pb_column][et_pb_column type=&#8221;1_2&#8243; _builder_version=&#8221;3.25&#8243; custom_padding=&#8221;100px|||&#8221; custom_padding__hover=&#8221;|||&#8221;][et_pb_text _builder_version=&#8221;4.9.4&#8243; text_font=&#8221;Open Sans||||||||&#8221; text_line_height=&#8221;2em&#8221; header_font=&#8221;||||||||&#8221; header_2_font=&#8221;|800||on|||||&#8221; header_2_font_size=&#8221;32px&#8221; header_2_line_height=&#8221;1.2em&#8221; max_width=&#8221;550px&#8221; header_2_font_size_tablet=&#8221;40px&#8221; header_2_font_size_phone=&#8221;30px&#8221; header_2_font_size_last_edited=&#8221;on|phone&#8221; locked=&#8221;off&#8221;]<\/p>\n<h2>Mare e ambiente costiero<\/h2>\n<p>Difficile resistere al fascino incantevole delle lunghe e gradevoli litoranee che costeggiano il mare di Sardegna, un tempo battute dagli avidi pirati e approdo delle flotte dei numerosi invasori susseguitesi nel corso dei secoli. E\u2019 il caso della panoramica che da Baia Chia si dirige verso Capo Teulada e della litoranea che va dal golfo di Gonnesa fino ad arrivare a Buggerru: un incalzare continuo e sorprendente di baie, insenature, spiagge, torri, faraglioni e porti antichi.<\/p>\n<p>[\/et_pb_text][et_pb_image src=&#8221;https:\/\/iviaggidisirte.it\/wp-content\/uploads\/2021\/05\/costa-e-mare3.jpg&#8221; title_text=&#8221;costa-e-mare3&#8243; align_tablet=&#8221;center&#8221; align_phone=&#8221;&#8221; align_last_edited=&#8221;on|desktop&#8221; _builder_version=&#8221;4.9.4&#8243;][\/et_pb_image][\/et_pb_column][\/et_pb_row][et_pb_row _builder_version=&#8221;3.25&#8243; locked=&#8221;off&#8221;][et_pb_column type=&#8221;4_4&#8243; _builder_version=&#8221;3.25&#8243; custom_padding=&#8221;|||&#8221; custom_padding__hover=&#8221;|||&#8221;][et_pb_divider _builder_version=&#8221;4.9.4&#8243; _module_preset=&#8221;default&#8221;][\/et_pb_divider][\/et_pb_column][\/et_pb_row][\/et_pb_section][et_pb_section fb_built=&#8221;1&#8243; admin_label=&#8221;Restaurant&#8221; _builder_version=&#8221;4.9.4&#8243; custom_margin=&#8221;0px||||false|false&#8221; custom_padding=&#8221;0px||||false|false&#8221;][et_pb_row column_structure=&#8221;1_2,1_2&#8243; _builder_version=&#8221;3.25&#8243;][et_pb_column type=&#8221;1_2&#8243; _builder_version=&#8221;3.25&#8243; custom_padding=&#8221;|||&#8221; custom_padding__hover=&#8221;|||&#8221;][et_pb_image src=&#8221;https:\/\/iviaggidisirte.it\/wp-content\/uploads\/2021\/05\/Parchi-e-boschi-1-scaled.jpg&#8221; title_text=&#8221;Parchi e boschi 1&#8243; _builder_version=&#8221;4.9.4&#8243; _module_preset=&#8221;default&#8221;][\/et_pb_image][\/et_pb_column][et_pb_column type=&#8221;1_2&#8243; _builder_version=&#8221;3.25&#8243; custom_padding=&#8221;|||&#8221; custom_padding__hover=&#8221;|||&#8221;][et_pb_text _builder_version=&#8221;4.9.4&#8243; text_font=&#8221;Open Sans||||||||&#8221; text_line_height=&#8221;2em&#8221; header_font=&#8221;||||||||&#8221; header_2_font=&#8221;|800||on|||||&#8221; header_2_font_size=&#8221;36px&#8221; header_2_line_height=&#8221;1.2em&#8221; max_width=&#8221;550px&#8221; header_2_font_size_tablet=&#8221;40px&#8221; header_2_font_size_phone=&#8221;30px&#8221; header_2_font_size_last_edited=&#8221;on|phone&#8221; locked=&#8221;off&#8221;]<\/p>\n<h2>Parchi e Boschi<\/h2>\n<p>Per gli appassionati della montagna, il territorio riserva al visitatore i lussureggianti boschi di Pantaleo, Gutturu Mannu e del Marganai, luoghi di straordinaria bellezza che conservano intatta l\u2019anima selvaggia del Sulcis Iglesiente. All\u2019interno dei parchi presenti nell\u2019area sono stati creati una serie di sentieri escursionistici che permettono agli amanti del trekking e della mountain bike di cimentarsi in tali attivit\u00e0, immergendosi completamente nella natura. Inoltre nella Foresta di Is Cannoneris si pu\u00f2 visitare l\u2019oasi faunistica protetta dove si possono ammirare esemplari di\u200b cervo sardo \u200be daino\u200b e se si \u00e8 fortunati, anche cinghiali,\u200b donnole, ghiri e volpi, e alzando lo sguardo, l\u2019aquila reale,\u200b il corvo imperiale, il falco pellegrino e il gheppio\u200b.<\/p>\n<p>[\/et_pb_text][\/et_pb_column][\/et_pb_row][et_pb_row _builder_version=&#8221;3.25&#8243;][et_pb_column type=&#8221;4_4&#8243; _builder_version=&#8221;3.25&#8243; custom_padding=&#8221;|||&#8221; custom_padding__hover=&#8221;|||&#8221;][et_pb_divider _builder_version=&#8221;4.9.4&#8243; _module_preset=&#8221;default&#8221;][\/et_pb_divider][\/et_pb_column][\/et_pb_row][et_pb_row column_structure=&#8221;1_2,1_2&#8243; make_equal=&#8221;on&#8221; padding_top_bottom_link_1=&#8221;true&#8221; padding_top_bottom_link_2=&#8221;true&#8221; padding_left_right_link_1=&#8221;true&#8221; padding_left_right_link_2=&#8221;true&#8221; _builder_version=&#8221;4.9.4&#8243; custom_margin=&#8221;||||false|false&#8221; custom_padding=&#8221;||0px||false|false&#8221;][et_pb_column type=&#8221;1_2&#8243; _builder_version=&#8221;4.9.4&#8243; background_image=&#8221;https:\/\/iviaggidisirte.it\/wp-content\/uploads\/2021\/05\/Isole-e-arcipelago-scaled.jpg&#8221; background_position=&#8221;bottom_center&#8221; custom_padding=&#8221;15vw|40px||40px|false|false&#8221; custom_padding__hover=&#8221;|||&#8221;][\/et_pb_column][et_pb_column type=&#8221;1_2&#8243; _builder_version=&#8221;4.9.4&#8243; background_image=&#8221;https:\/\/iviaggidisirte.it\/wp-content\/uploads\/2021\/05\/Antropizzazione-e-tradizione.jpg&#8221; custom_padding=&#8221;8vw|40px|8vw|40px&#8221; custom_padding__hover=&#8221;|||&#8221;][\/et_pb_column][\/et_pb_row][et_pb_row column_structure=&#8221;1_2,1_2&#8243; make_equal=&#8221;on&#8221; padding_top_bottom_link_1=&#8221;true&#8221; padding_top_bottom_link_2=&#8221;true&#8221; padding_left_right_link_1=&#8221;true&#8221; padding_left_right_link_2=&#8221;true&#8221; _builder_version=&#8221;4.9.4&#8243; custom_margin=&#8221;30px||||false|false&#8221; custom_padding=&#8221;0px||||false|false&#8221; hover_enabled=&#8221;0&#8243; sticky_enabled=&#8221;0&#8243;][et_pb_column type=&#8221;1_2&#8243; _builder_version=&#8221;4.9.4&#8243; background_enable_image=&#8221;off&#8221; background_size=&#8221;initial&#8221; background_position=&#8221;bottom_center&#8221; custom_padding=&#8221;||||false|false&#8221; custom_padding__hover=&#8221;|||&#8221;][et_pb_text _builder_version=&#8221;4.9.4&#8243; text_font=&#8221;Open Sans||||||||&#8221; text_line_height=&#8221;2em&#8221; header_font=&#8221;||||||||&#8221; header_2_font=&#8221;|800||on|||||&#8221; header_2_font_size=&#8221;36px&#8221; header_2_line_height=&#8221;1.2em&#8221; header_3_font=&#8221;|700||on|||||&#8221; max_width=&#8221;550px&#8221; header_2_font_size_tablet=&#8221;40px&#8221; header_2_font_size_phone=&#8221;30px&#8221; header_2_font_size_last_edited=&#8221;on|phone&#8221; locked=&#8221;off&#8221;]<\/p>\n<h3>Isole<\/h3>\n<h2>Arcipelago Sulcitano<\/h2>\n<p>Proseguendo verso nord troviamo le due principali isole dell\u2019arcipelago Sulcitano:<\/p>\n<p><strong>Sant\u2019Antioco<\/strong>, unita in passato alla terra ferma da un antico ponte romano e l\u2019isola di <strong>San Pietro<\/strong> abitata da ex coloni tabarchini, raggiungibile con il traghetto, nota per la pesca e la lavorazione del tonno.<\/p>\n<p>Famosa la ventennale Manifestazione del Girotonno, nella quale grandi chef stellati di tutto il mondo, in una spettacolare gara gastronomica preparano e fanno degustare al pubblico le loro creazioni a base del rinomato tonno rosso.<\/p>\n<p>[\/et_pb_text][\/et_pb_column][et_pb_column type=&#8221;1_2&#8243; _builder_version=&#8221;4.9.4&#8243; background_enable_image=&#8221;off&#8221; custom_padding=&#8221;||8px||false|false&#8221; custom_padding__hover=&#8221;|||&#8221;][et_pb_text _builder_version=&#8221;4.9.4&#8243; text_font=&#8221;Open Sans||||||||&#8221; text_line_height=&#8221;2em&#8221; header_font=&#8221;||||||||&#8221; header_2_font=&#8221;|800||on|||||&#8221; header_2_font_size=&#8221;36px&#8221; header_2_line_height=&#8221;1.2em&#8221; max_width=&#8221;550px&#8221; header_2_font_size_tablet=&#8221;40px&#8221; header_2_font_size_phone=&#8221;30px&#8221; header_2_font_size_last_edited=&#8221;on|phone&#8221; locked=&#8221;off&#8221;]<\/p>\n<h2>Antropizzazione e tradizione<\/h2>\n<p>Spostandoci per pochi chilometri verso l\u2019entroterra, ci si trover\u00e0 immersi in ambienti variegati e suggestivi dove si possono trovare i colori pi\u00f9 accesi e i profumi pi\u00f9 intensi. Distese di ulivi, vigneti baciati dal sole, paesaggi selvaggi e incontaminati caratterizzano questo territorio sardo, uno dei pi\u00f9 antichi d\u2019Italia e di tutto il Mediterraneo. Tra le citt\u00e0 di maggior importanza della sub-regione, per dimensioni e servizi, troviamo Carbonia e Iglesias, e Sant\u2019Antioco, mentre nelle campagne e colline circostanti sorgono piccoli e splendidi paesi ognuno dei quali pu\u00f2 essere considerato scrigno di arte, cultura e tradizione. Gli abitanti custodiscono con tenace orgoglio le proprie pi\u00f9 antiche usanze, i saperi e le tradizioni dei propri avi, trasmessi con devozione di generazione in generazione.<\/p>\n<p>[\/et_pb_text][\/et_pb_column][\/et_pb_row][et_pb_row _builder_version=&#8221;3.25&#8243; locked=&#8221;off&#8221;][et_pb_column type=&#8221;4_4&#8243; _builder_version=&#8221;3.25&#8243; custom_padding=&#8221;|||&#8221; custom_padding__hover=&#8221;|||&#8221;][et_pb_divider _builder_version=&#8221;4.9.4&#8243; _module_preset=&#8221;default&#8221;][\/et_pb_divider][\/et_pb_column][\/et_pb_row][et_pb_row column_structure=&#8221;1_2,1_2&#8243; _builder_version=&#8221;3.25&#8243; locked=&#8221;off&#8221;][et_pb_column type=&#8221;1_2&#8243; _builder_version=&#8221;3.25&#8243; custom_padding=&#8221;|||&#8221; custom_padding__hover=&#8221;|||&#8221;][et_pb_text _builder_version=&#8221;4.9.4&#8243; text_font=&#8221;Open Sans||||||||&#8221; text_line_height=&#8221;2em&#8221; header_font=&#8221;||||||||&#8221; header_2_font=&#8221;|800||on|||||&#8221; header_2_font_size=&#8221;36px&#8221; header_2_line_height=&#8221;1.2em&#8221; max_width=&#8221;550px&#8221; header_2_font_size_tablet=&#8221;40px&#8221; header_2_font_size_phone=&#8221;30px&#8221; header_2_font_size_last_edited=&#8221;on|phone&#8221; locked=&#8221;off&#8221;]<\/p>\n<h2>Grotte Carsiche<\/h2>\n<p>Ma la montagna e le coste rocciose e calcaree del Sulcis riservano ancora fantastiche sorprese, accogliendo al loro interno centinaia di grotte sotterranee che si aprono alla terra e al mare. Migliaia di appassionati di speleologia accorrono da tutto il mondo per esplorare quest\u2019affascinante mondo sotterraneo.<\/p>\n<p>Ad un passo dal Tempio di Antas (Fluminimaggiore), la grotta de su Mannau coi suoi laghetti e i giochi di stalagmiti, le sue stanze gi\u00e0 luogo di culto dai tempi pi\u00f9 remoti in onore della Dea Madre. E poi la grotta di San Giovanni (Domusnovas), al cui ingresso gli antichi nuragici edificarono mura ciclopiche, unica in Europa ad avere all\u2019interno una strada asfaltata.<\/p>\n<p>Nel territorio di Santadi, all\u2019interno di un florido parco, le Grotte di is Zuddas, note per la loro \u201cSala del Teatro\u201d. E ancora nello stesso territorio, la grotta de Su Benatzu e la Grotta di Santa Barbara (Gonnesa).<\/p>\n<p>Ma il viaggio continua per le centinaia di grotte ancora inesplorate e quelle marine che costeggiano il mare, in un perenne e fecondo scambio tra i due elementi.<\/p>\n<p>[\/et_pb_text][\/et_pb_column][et_pb_column type=&#8221;1_2&#8243; _builder_version=&#8221;3.25&#8243; custom_padding=&#8221;|||&#8221; custom_padding__hover=&#8221;|||&#8221;][et_pb_image src=&#8221;https:\/\/iviaggidisirte.it\/wp-content\/uploads\/2021\/05\/Grotte-Carsiche.jpg&#8221; title_text=&#8221;Grotte Carsiche&#8221; _builder_version=&#8221;4.9.4&#8243; _module_preset=&#8221;default&#8221;][\/et_pb_image][\/et_pb_column][\/et_pb_row][et_pb_row _builder_version=&#8221;3.25&#8243; locked=&#8221;off&#8221;][et_pb_column type=&#8221;4_4&#8243; _builder_version=&#8221;3.25&#8243; custom_padding=&#8221;|||&#8221; custom_padding__hover=&#8221;|||&#8221;][et_pb_divider _builder_version=&#8221;4.9.4&#8243; _module_preset=&#8221;default&#8221;][\/et_pb_divider][\/et_pb_column][\/et_pb_row][et_pb_row column_structure=&#8221;1_2,1_2&#8243; make_equal=&#8221;on&#8221; padding_top_bottom_link_1=&#8221;true&#8221; padding_top_bottom_link_2=&#8221;true&#8221; padding_left_right_link_1=&#8221;true&#8221; padding_left_right_link_2=&#8221;true&#8221; _builder_version=&#8221;4.9.4&#8243; custom_margin=&#8221;||||false|false&#8221; custom_padding=&#8221;||0px||false|false&#8221; hover_enabled=&#8221;0&#8243; locked=&#8221;off&#8221; sticky_enabled=&#8221;0&#8243;][et_pb_column type=&#8221;1_2&#8243; _builder_version=&#8221;4.9.4&#8243; background_image=&#8221;https:\/\/iviaggidisirte.it\/wp-content\/uploads\/2021\/05\/Miniere.jpg&#8221; background_position=&#8221;bottom_center&#8221; custom_padding=&#8221;15vw|40px||40px|false|false&#8221; hover_enabled=&#8221;0&#8243; custom_padding__hover=&#8221;|||&#8221; title_text=&#8221;Miniere&#8221; sticky_enabled=&#8221;0&#8243;][\/et_pb_column][et_pb_column type=&#8221;1_2&#8243; _builder_version=&#8221;4.9.4&#8243; background_image=&#8221;https:\/\/iviaggidisirte.it\/wp-content\/uploads\/2021\/05\/archeologia.jpg&#8221; custom_padding=&#8221;8vw|40px|8vw|40px&#8221; hover_enabled=&#8221;0&#8243; custom_padding__hover=&#8221;|||&#8221; title_text=&#8221;archeologia&#8221; sticky_enabled=&#8221;0&#8243;][\/et_pb_column][\/et_pb_row][et_pb_row column_structure=&#8221;1_2,1_2&#8243; make_equal=&#8221;on&#8221; padding_top_bottom_link_1=&#8221;true&#8221; padding_top_bottom_link_2=&#8221;true&#8221; padding_left_right_link_1=&#8221;true&#8221; padding_left_right_link_2=&#8221;true&#8221; _builder_version=&#8221;4.9.4&#8243; custom_margin=&#8221;30px||||false|false&#8221; custom_padding=&#8221;0px||50px||false|false&#8221; hover_enabled=&#8221;0&#8243; sticky_enabled=&#8221;0&#8243; locked=&#8221;off&#8221;][et_pb_column type=&#8221;1_2&#8243; _builder_version=&#8221;4.9.4&#8243; background_enable_image=&#8221;off&#8221; background_size=&#8221;initial&#8221; background_position=&#8221;bottom_center&#8221; custom_padding=&#8221;||||false|false&#8221; custom_padding__hover=&#8221;|||&#8221;][et_pb_text _builder_version=&#8221;4.9.4&#8243; text_font=&#8221;Open Sans||||||||&#8221; text_line_height=&#8221;2em&#8221; header_font=&#8221;||||||||&#8221; header_2_font=&#8221;|800||on|||||&#8221; header_2_font_size=&#8221;36px&#8221; header_2_line_height=&#8221;1.2em&#8221; header_3_font=&#8221;|700||on|||||&#8221; max_width=&#8221;550px&#8221; hover_enabled=&#8221;0&#8243; header_2_font_size_tablet=&#8221;40px&#8221; header_2_font_size_phone=&#8221;30px&#8221; header_2_font_size_last_edited=&#8221;on|phone&#8221; locked=&#8221;off&#8221; sticky_enabled=&#8221;0&#8243;]<\/p>\n<h2>Miniere<\/h2>\n<p>La formidabile ricchezza del sottosuolo sardo, che abbonda di metalli pregiati e carbone, ha fatto s\u00ec che fin dall\u2019antichit\u00e0, l\u2019attivit\u00e0 estrattiva, metallurgica e fusoria rappresentasse un settore privilegiato dell\u2019economia del posto.\u00a0 A partire dall\u2019 \u2018800 il Sulcis Iglesiente ha visto l\u2019incremento del settore Minerario, diventando trainante e decisivo. Attualmente le miniere, ormai dismesse, hanno convertito la loro funzione, fino ad entrare a far parte del Parco Geominerario e Ambientale della Sardegna. Suggestivi villaggi operai, pozzi di estrazione, gallerie sotterranee, antiche fonderie, elementi di architettura mineraria, immettono il visitatore nell\u2019affascinante mondo del sottosuolo, reso eroico e nello stesso tempo drammatico dall\u2019appassionato racconto degli ex minatori che accompagnano spesso le guide turistiche. Come non rimanere incantati dal complice e intimo incontro tra l\u2019imbocco a strapiombo della Miniera di Porto Flavia, abbarbicata sulla ripida scogliera e il maestoso faraglione di Pan di Zucchero, custode e barriera dai venti di maestrale. Connubio mirabile tra la generosa montagna e il mare cristallino che addolcisce ed armonizza, con le spiagge e le calette, l\u2019asprezza degli impianti minerari. Il fascino si ripete nel Villaggio Geominerario di Rosas (nel territorio di Narcao), mirabile esempio di archeologia mineraria e insediamento operaio, inserito in un paesaggio montano ricco di variet\u00e0 fauno floristiche autoctone che le conferiscono il meritato titolo di Ecomuseo. E poi il Museo del Carbone, nella Grande Miniera di Serbariu, sito nella citt\u00e0 di Carbonia: un viaggio storico e didattico intorno all\u2019attivit\u00e0 estrattiva del Carbone, attraverso gli oggetti, gli impianti, gli ambienti e il vissuto dei protagonisti. Non meno interessanti i siti di Sa Marchesa (Nuxis), Capo Becco (Carloforte) e San Leone (Assemini).<\/p>\n<p>&nbsp;<\/p>\n<p>[\/et_pb_text][\/et_pb_column][et_pb_column type=&#8221;1_2&#8243; _builder_version=&#8221;4.9.4&#8243; background_enable_image=&#8221;off&#8221; custom_padding=&#8221;||8px||false|false&#8221; custom_padding__hover=&#8221;|||&#8221;][et_pb_text _builder_version=&#8221;4.9.4&#8243; text_font=&#8221;Open Sans||||||||&#8221; text_line_height=&#8221;2em&#8221; header_font=&#8221;||||||||&#8221; header_2_font=&#8221;|800||on|||||&#8221; header_2_font_size=&#8221;36px&#8221; header_2_line_height=&#8221;1.2em&#8221; max_width=&#8221;550px&#8221; hover_enabled=&#8221;0&#8243; header_2_font_size_tablet=&#8221;40px&#8221; header_2_font_size_phone=&#8221;30px&#8221; header_2_font_size_last_edited=&#8221;on|phone&#8221; locked=&#8221;off&#8221; sticky_enabled=&#8221;0&#8243;]<\/p>\n<h2>Archeologia<\/h2>\n<p>Le prime tracce umane nel Sulcis Iglesiente risalgono\u00a0 a 9000 anni prima di Cristo e sono state rinvenute nell\u2019antica borgata agro-pastorale di Sirri (Carbonia). Mentre \u00e8 ormai attestato che Sulky (l\u2019attuale citt\u00e0 di Sant\u2019 Antioco) sia la pi\u00f9 antica citt\u00e0 non solo della Sardegna ma di tutta l\u2019Italia (antecedente all\u2019antica Roma). L\u2019antica Civilt\u00e0 Nuragica (1.800a.C \u2013 II sec. d. C,) preceduta da preesistenti culture, ci ha lasciato innumerevoli resti di imponenti edifici in pietra, i caratteristici Nuraghi, disseminati nell\u2019intero territorio. Influssi e dominazioni coeve e successive(fenicio-puniche e romane) hanno favorito una stratificazione archeologica ricca e interessante che regala al visitatore e al turista culturale uno scenario inaspettato e sorprendente. Cos\u00ec pu\u00f2 capitare che, durante una piacevole passeggiata in un sentiero campestre o collinare, ci s\u2019imbatta nei ruderi di un piccolo Nuraghe circondato dalle capanne del villaggio. O di trovare, tra i campi dissodati dai contadini un\u2019antica Tomba dei Giganti. O di scoprire, all\u2019interno di una chiesa, un pozzo sacro adibito al culto della Dea Madre. Da non perdere la visita alla Necropoli di Montessu, a Villaperuccio, il pi\u00f9 imponente complesso di Domus de Janas, \u201cCasa delle fate\u201d; il Parco Archeologico di Pani Loriga, situato nel Comune di Santadi, area che vide il susseguirsi di civilt\u00e0 diverse, dall\u2019epoca pre-nuragica, fino a quella punica; la citt\u00e0 di Sant\u2019Antioco, la pi\u00f9 antica d\u2019Italia, fondata dai Fenici che presenta testimonianze archeologiche di tutte le culture che si sono succedute; tra i siti che spiccano per il loro grandissimo rilievo il Tophet (un particolare tipo di necropoli-santuario dove gli abitanti dei centri fenici e punici del Mediterraneo occidentale deponevano i bambini deceduti subito dopo la nascita)di et\u00e0 fenicio-punica e la necropoli punica; la Reggia Nuragica di Seruci, Gonnesa; il sito archeologico di Monte Sirai ed omonimo Nuraghe; il Tempio di Antas, dedicato a Sardus Pater, Fluminimaggiore, ecc.<\/p>\n<p>[\/et_pb_text][\/et_pb_column][\/et_pb_row][\/et_pb_section]<\/p>\n","protected":false},"excerpt":{"rendered":"<p>Sulcis Iglesiente Territorio Il Sulcis Iglesiente \u00e8 un\u2019area geografica situata nella parte Sud Occidentale della Sardegna, meta ancora sconosciuta ai pi\u00f9, regala ai suoi visitatori scenari insoliti e paesaggi mozzafiato. Intreccio di tradizioni, archeologia e ricchezza paesaggistica, cattura immediatamente lo sguardo del visitatore suscitando meraviglia e stupore. Rigogliose colline di macchia mediterranea che profumano di [&hellip;]<\/p>\n","protected":false},"author":1,"featured_media":0,"parent":0,"menu_order":0,"comment_status":"closed","ping_status":"closed","template":"","meta":{"_et_pb_use_builder":"on","_et_pb_old_content":"","_et_gb_content_width":"","inline_featured_image":false,"footnotes":""},"class_list":["post-550","page","type-page","status-publish","hentry"],"_links":{"self":[{"href":"https:\/\/iviaggidisirte.it\/index.php?rest_route=\/wp\/v2\/pages\/550","targetHints":{"allow":["GET"]}}],"collection":[{"href":"https:\/\/iviaggidisirte.it\/index.php?rest_route=\/wp\/v2\/pages"}],"about":[{"href":"https:\/\/iviaggidisirte.it\/index.php?rest_route=\/wp\/v2\/types\/page"}],"author":[{"embeddable":true,"href":"https:\/\/iviaggidisirte.it\/index.php?rest_route=\/wp\/v2\/users\/1"}],"replies":[{"embeddable":true,"href":"https:\/\/iviaggidisirte.it\/index.php?rest_route=%2Fwp%2Fv2%2Fcomments&post=550"}],"version-history":[{"count":5,"href":"https:\/\/iviaggidisirte.it\/index.php?rest_route=\/wp\/v2\/pages\/550\/revisions"}],"predecessor-version":[{"id":569,"href":"https:\/\/iviaggidisirte.it\/index.php?rest_route=\/wp\/v2\/pages\/550\/revisions\/569"}],"wp:attachment":[{"href":"https:\/\/iviaggidisirte.it\/index.php?rest_route=%2Fwp%2Fv2%2Fmedia&parent=550"}],"curies":[{"name":"wp","href":"https:\/\/api.w.org\/{rel}","templated":true}]}}